{"id":9011,"date":"2026-03-20T15:59:49","date_gmt":"2026-03-20T14:59:49","guid":{"rendered":"https:\/\/ehzerwold.nl\/?post_type=arrangement&#038;p=9011"},"modified":"2026-04-12T14:28:15","modified_gmt":"2026-04-12T12:28:15","slug":"ode-an-die-landschaft-radfahrpaket","status":"publish","type":"arrangement","link":"https:\/\/ehzerwold.nl\/de\/arrangement\/ode-an-die-landschaft-radfahrpaket\/","title":{"rendered":"Ode an die Landschaft \u2013 Radfahrpaket"},"content":{"rendered":"\t\t<div data-elementor-type=\"wp-post\" data-elementor-id=\"9011\" class=\"elementor elementor-9011 elementor-9009\" data-elementor-post-type=\"arrangement\">\n\t\t\t\t\t\t<section data-particle_enable=\"false\" data-particle-mobile-disabled=\"false\" class=\"elementor-section elementor-top-section elementor-element elementor-element-67fcca15 elementor-section-boxed elementor-section-height-default elementor-section-height-default\" data-id=\"67fcca15\" data-element_type=\"section\" data-e-type=\"section\">\n\t\t\t\t\t\t<div class=\"elementor-container elementor-column-gap-default\">\n\t\t\t\t\t<div class=\"elementor-column elementor-col-100 elementor-top-column elementor-element elementor-element-654a06c4\" data-id=\"654a06c4\" data-element_type=\"column\" data-e-type=\"column\">\n\t\t\t<div class=\"elementor-widget-wrap elementor-element-populated\">\n\t\t\t\t\t\t<div class=\"elementor-element elementor-element-78a96120 elementor-widget elementor-widget-text-editor\" data-id=\"78a96120\" data-element_type=\"widget\" data-e-type=\"widget\" data-widget_type=\"text-editor.default\">\n\t\t\t\t<div class=\"elementor-widget-container\">\n\t\t\t\t\t\t\t\t\t<p>Entdecken Sie die sch\u00f6nsten Landschaften mit dem Fahrrad und genie\u00dfen Sie Komfort, k\u00f6stliches Essen und Kultur!<\/p><p><strong>Im Preis pro Person enthalten:<\/strong><\/p><ul><li>2 \u00dcbernachtungen<\/li><li>2x Fr\u00fchst\u00fcck<\/li><li>Begr\u00fc\u00dfung mit Kaffee\/Tee und Geb\u00e4ck<\/li><li>Luxuri\u00f6se Wurstplatte + 2 Getr\u00e4nke am <sup>ersten<\/sup> Abend<\/li><li>Abendbuffet am <sup>2.<\/sup> Abend<\/li><li>Das inspirierende Buch <em>Ode an die Landschaft<\/em><\/li><\/ul><p><strong>Tag 1:<\/strong> Radtour durch W\u00e4lder und vorbei an Landg\u00fctern<\/p><p><strong>Tag 2:<\/strong> Erkunden Sie Landg\u00fcter und das malerische Tiefland<\/p><p><strong>Preis:<\/strong> Wochentags 185 \u20ac pro Person, Wochenende 195 \u20ac pro Person (zzgl. Kurtaxe)<\/p><p>Buchen Sie direkt online und erleben Sie ein Wochenende voller Natur, Kultur und kulinarischer \u00dcberraschungen!<\/p>\t\t\t\t\t\t\t\t<\/div>\n\t\t\t\t<\/div>\n\t\t\t\t\t<\/div>\n\t\t<\/div>\n\t\t\t\t\t<\/div>\n\t\t<\/section>\n\t\t\t\t<\/div>\n\t\t","protected":false},"excerpt":{"rendered":"<p>Erkunden Sie traumhafte Landschaften mit dem Fahrrad und genie\u00dfen Sie ein 2-Tages-Paket mit Vollpension inklusive \u00dcbernachtung, Fr\u00fchst\u00fcck, Abendessen, Getr\u00e4nken und Kultur. Entdecken Sie Natur, Landg\u00fcter und kulinarische \u00dcberraschungen ab 185 \u20ac pro Person. Jetzt buchen! <\/p>\n","protected":false},"featured_media":9021,"template":"","categories":[73],"class_list":["post-9011","arrangement","type-arrangement","status-publish","has-post-thumbnail","hentry","category-startseite"],"acf":[],"yoast_head":"<!-- This site is optimized with the Yoast SEO plugin v27.5 - https:\/\/yoast.com\/product\/yoast-seo-wordpress\/ -->\n<title>Ode an die Landschaft \u2013 Radfahrpaket - Landgoed Ehzerwold<\/title>\n<meta name=\"robots\" content=\"index, follow, max-snippet:-1, max-image-preview:large, max-video-preview:-1\" \/>\n<link rel=\"canonical\" href=\"https:\/\/ehzerwold.nl\/de\/arrangement\/ode-an-die-landschaft-radfahrpaket\/\" \/>\n<meta property=\"og:locale\" content=\"de_DE\" \/>\n<meta property=\"og:type\" content=\"article\" \/>\n<meta property=\"og:title\" content=\"Ode an die Landschaft \u2013 Radfahrpaket - Landgoed Ehzerwold\" \/>\n<meta property=\"og:description\" content=\"Erkunden Sie traumhafte Landschaften mit dem Fahrrad und genie\u00dfen Sie ein 2-Tages-Paket mit Vollpension inklusive \u00dcbernachtung, Fr\u00fchst\u00fcck, Abendessen, Getr\u00e4nken und Kultur. Entdecken Sie Natur, Landg\u00fcter und kulinarische \u00dcberraschungen ab 185 \u20ac pro Person. Jetzt buchen!\" \/>\n<meta property=\"og:url\" content=\"https:\/\/ehzerwold.nl\/de\/arrangement\/ode-an-die-landschaft-radfahrpaket\/\" \/>\n<meta property=\"og:site_name\" content=\"Landgoed Ehzerwold\" \/>\n<meta property=\"article:publisher\" content=\"https:\/\/www.facebook.com\/hotellandgoedehzerwold\" \/>\n<meta property=\"article:modified_time\" content=\"2026-04-12T12:28:15+00:00\" \/>\n<meta property=\"og:image\" content=\"https:\/\/ehzerwold.nl\/wp-content\/uploads\/2026\/03\/Afbeelding1.jpg\" \/>\n\t<meta property=\"og:image:width\" content=\"605\" \/>\n\t<meta property=\"og:image:height\" content=\"403\" \/>\n\t<meta property=\"og:image:type\" content=\"image\/jpeg\" \/>\n<meta name=\"twitter:card\" content=\"summary_large_image\" \/>\n<script type=\"application\/ld+json\" class=\"yoast-schema-graph\">{\"@context\":\"https:\\\/\\\/schema.org\",\"@graph\":[{\"@type\":\"WebPage\",\"@id\":\"https:\\\/\\\/ehzerwold.nl\\\/de\\\/arrangement\\\/ode-an-die-landschaft-radfahrpaket\\\/\",\"url\":\"https:\\\/\\\/ehzerwold.nl\\\/de\\\/arrangement\\\/ode-an-die-landschaft-radfahrpaket\\\/\",\"name\":\"Ode an die Landschaft \u2013 Radfahrpaket - Landgoed Ehzerwold\",\"isPartOf\":{\"@id\":\"https:\\\/\\\/ehzerwold.nl\\\/de\\\/#website\"},\"primaryImageOfPage\":{\"@id\":\"https:\\\/\\\/ehzerwold.nl\\\/de\\\/arrangement\\\/ode-an-die-landschaft-radfahrpaket\\\/#primaryimage\"},\"image\":{\"@id\":\"https:\\\/\\\/ehzerwold.nl\\\/de\\\/arrangement\\\/ode-an-die-landschaft-radfahrpaket\\\/#primaryimage\"},\"thumbnailUrl\":\"https:\\\/\\\/ehzerwold.nl\\\/wp-content\\\/uploads\\\/2026\\\/03\\\/Afbeelding1.jpg\",\"datePublished\":\"2026-03-20T14:59:49+00:00\",\"dateModified\":\"2026-04-12T12:28:15+00:00\",\"breadcrumb\":{\"@id\":\"https:\\\/\\\/ehzerwold.nl\\\/de\\\/arrangement\\\/ode-an-die-landschaft-radfahrpaket\\\/#breadcrumb\"},\"inLanguage\":\"de\",\"potentialAction\":[{\"@type\":\"ReadAction\",\"target\":[\"https:\\\/\\\/ehzerwold.nl\\\/de\\\/arrangement\\\/ode-an-die-landschaft-radfahrpaket\\\/\"]}]},{\"@type\":\"ImageObject\",\"inLanguage\":\"de\",\"@id\":\"https:\\\/\\\/ehzerwold.nl\\\/de\\\/arrangement\\\/ode-an-die-landschaft-radfahrpaket\\\/#primaryimage\",\"url\":\"https:\\\/\\\/ehzerwold.nl\\\/wp-content\\\/uploads\\\/2026\\\/03\\\/Afbeelding1.jpg\",\"contentUrl\":\"https:\\\/\\\/ehzerwold.nl\\\/wp-content\\\/uploads\\\/2026\\\/03\\\/Afbeelding1.jpg\",\"width\":605,\"height\":403},{\"@type\":\"BreadcrumbList\",\"@id\":\"https:\\\/\\\/ehzerwold.nl\\\/de\\\/arrangement\\\/ode-an-die-landschaft-radfahrpaket\\\/#breadcrumb\",\"itemListElement\":[{\"@type\":\"ListItem\",\"position\":1,\"name\":\"Home\",\"item\":\"https:\\\/\\\/ehzerwold.nl\\\/de\\\/\"},{\"@type\":\"ListItem\",\"position\":2,\"name\":\"Ode an die Landschaft \u2013 Radfahrpaket\"}]},{\"@type\":\"WebSite\",\"@id\":\"https:\\\/\\\/ehzerwold.nl\\\/de\\\/#website\",\"url\":\"https:\\\/\\\/ehzerwold.nl\\\/de\\\/\",\"name\":\"Landgoed Ehzerwold\",\"description\":\"Natuurlijk Goed!\",\"publisher\":{\"@id\":\"https:\\\/\\\/ehzerwold.nl\\\/de\\\/#organization\"},\"potentialAction\":[{\"@type\":\"SearchAction\",\"target\":{\"@type\":\"EntryPoint\",\"urlTemplate\":\"https:\\\/\\\/ehzerwold.nl\\\/de\\\/?s={search_term_string}\"},\"query-input\":{\"@type\":\"PropertyValueSpecification\",\"valueRequired\":true,\"valueName\":\"search_term_string\"}}],\"inLanguage\":\"de\"},{\"@type\":\"Organization\",\"@id\":\"https:\\\/\\\/ehzerwold.nl\\\/de\\\/#organization\",\"name\":\"Hotel Landgoed Ehzerwold\",\"alternateName\":\"Landgoed Ehzerwold\",\"url\":\"https:\\\/\\\/ehzerwold.nl\\\/de\\\/\",\"logo\":{\"@type\":\"ImageObject\",\"inLanguage\":\"de\",\"@id\":\"https:\\\/\\\/ehzerwold.nl\\\/de\\\/#\\\/schema\\\/logo\\\/image\\\/\",\"url\":\"https:\\\/\\\/ehzerwold.nl\\\/wp-content\\\/uploads\\\/2024\\\/11\\\/logo_LEW_online-e1764600520739.png\",\"contentUrl\":\"https:\\\/\\\/ehzerwold.nl\\\/wp-content\\\/uploads\\\/2024\\\/11\\\/logo_LEW_online-e1764600520739.png\",\"width\":1800,\"height\":1273,\"caption\":\"Hotel Landgoed Ehzerwold\"},\"image\":{\"@id\":\"https:\\\/\\\/ehzerwold.nl\\\/de\\\/#\\\/schema\\\/logo\\\/image\\\/\"},\"sameAs\":[\"https:\\\/\\\/www.facebook.com\\\/hotellandgoedehzerwold\",\"https:\\\/\\\/www.instagram.com\\\/explore\\\/locations\\\/245668617\\\/landgoed-ehzerwold\\\/\"]}]}<\/script>\n<!-- \/ Yoast SEO plugin. -->","yoast_head_json":{"title":"Ode an die Landschaft \u2013 Radfahrpaket - Landgoed Ehzerwold","robots":{"index":"index","follow":"follow","max-snippet":"max-snippet:-1","max-image-preview":"max-image-preview:large","max-video-preview":"max-video-preview:-1"},"canonical":"https:\/\/ehzerwold.nl\/de\/arrangement\/ode-an-die-landschaft-radfahrpaket\/","og_locale":"de_DE","og_type":"article","og_title":"Ode an die Landschaft \u2013 Radfahrpaket - Landgoed Ehzerwold","og_description":"Erkunden Sie traumhafte Landschaften mit dem Fahrrad und genie\u00dfen Sie ein 2-Tages-Paket mit Vollpension inklusive \u00dcbernachtung, Fr\u00fchst\u00fcck, Abendessen, Getr\u00e4nken und Kultur. Entdecken Sie Natur, Landg\u00fcter und kulinarische \u00dcberraschungen ab 185 \u20ac pro Person. Jetzt buchen!","og_url":"https:\/\/ehzerwold.nl\/de\/arrangement\/ode-an-die-landschaft-radfahrpaket\/","og_site_name":"Landgoed Ehzerwold","article_publisher":"https:\/\/www.facebook.com\/hotellandgoedehzerwold","article_modified_time":"2026-04-12T12:28:15+00:00","og_image":[{"width":605,"height":403,"url":"https:\/\/ehzerwold.nl\/wp-content\/uploads\/2026\/03\/Afbeelding1.jpg","type":"image\/jpeg"}],"twitter_card":"summary_large_image","schema":{"@context":"https:\/\/schema.org","@graph":[{"@type":"WebPage","@id":"https:\/\/ehzerwold.nl\/de\/arrangement\/ode-an-die-landschaft-radfahrpaket\/","url":"https:\/\/ehzerwold.nl\/de\/arrangement\/ode-an-die-landschaft-radfahrpaket\/","name":"Ode an die Landschaft \u2013 Radfahrpaket - Landgoed Ehzerwold","isPartOf":{"@id":"https:\/\/ehzerwold.nl\/de\/#website"},"primaryImageOfPage":{"@id":"https:\/\/ehzerwold.nl\/de\/arrangement\/ode-an-die-landschaft-radfahrpaket\/#primaryimage"},"image":{"@id":"https:\/\/ehzerwold.nl\/de\/arrangement\/ode-an-die-landschaft-radfahrpaket\/#primaryimage"},"thumbnailUrl":"https:\/\/ehzerwold.nl\/wp-content\/uploads\/2026\/03\/Afbeelding1.jpg","datePublished":"2026-03-20T14:59:49+00:00","dateModified":"2026-04-12T12:28:15+00:00","breadcrumb":{"@id":"https:\/\/ehzerwold.nl\/de\/arrangement\/ode-an-die-landschaft-radfahrpaket\/#breadcrumb"},"inLanguage":"de","potentialAction":[{"@type":"ReadAction","target":["https:\/\/ehzerwold.nl\/de\/arrangement\/ode-an-die-landschaft-radfahrpaket\/"]}]},{"@type":"ImageObject","inLanguage":"de","@id":"https:\/\/ehzerwold.nl\/de\/arrangement\/ode-an-die-landschaft-radfahrpaket\/#primaryimage","url":"https:\/\/ehzerwold.nl\/wp-content\/uploads\/2026\/03\/Afbeelding1.jpg","contentUrl":"https:\/\/ehzerwold.nl\/wp-content\/uploads\/2026\/03\/Afbeelding1.jpg","width":605,"height":403},{"@type":"BreadcrumbList","@id":"https:\/\/ehzerwold.nl\/de\/arrangement\/ode-an-die-landschaft-radfahrpaket\/#breadcrumb","itemListElement":[{"@type":"ListItem","position":1,"name":"Home","item":"https:\/\/ehzerwold.nl\/de\/"},{"@type":"ListItem","position":2,"name":"Ode an die Landschaft \u2013 Radfahrpaket"}]},{"@type":"WebSite","@id":"https:\/\/ehzerwold.nl\/de\/#website","url":"https:\/\/ehzerwold.nl\/de\/","name":"Landgoed Ehzerwold","description":"Natuurlijk Goed!","publisher":{"@id":"https:\/\/ehzerwold.nl\/de\/#organization"},"potentialAction":[{"@type":"SearchAction","target":{"@type":"EntryPoint","urlTemplate":"https:\/\/ehzerwold.nl\/de\/?s={search_term_string}"},"query-input":{"@type":"PropertyValueSpecification","valueRequired":true,"valueName":"search_term_string"}}],"inLanguage":"de"},{"@type":"Organization","@id":"https:\/\/ehzerwold.nl\/de\/#organization","name":"Hotel Landgoed Ehzerwold","alternateName":"Landgoed Ehzerwold","url":"https:\/\/ehzerwold.nl\/de\/","logo":{"@type":"ImageObject","inLanguage":"de","@id":"https:\/\/ehzerwold.nl\/de\/#\/schema\/logo\/image\/","url":"https:\/\/ehzerwold.nl\/wp-content\/uploads\/2024\/11\/logo_LEW_online-e1764600520739.png","contentUrl":"https:\/\/ehzerwold.nl\/wp-content\/uploads\/2024\/11\/logo_LEW_online-e1764600520739.png","width":1800,"height":1273,"caption":"Hotel Landgoed Ehzerwold"},"image":{"@id":"https:\/\/ehzerwold.nl\/de\/#\/schema\/logo\/image\/"},"sameAs":["https:\/\/www.facebook.com\/hotellandgoedehzerwold","https:\/\/www.instagram.com\/explore\/locations\/245668617\/landgoed-ehzerwold\/"]}]}},"_links":{"self":[{"href":"https:\/\/ehzerwold.nl\/de\/wp-json\/wp\/v2\/arrangement\/9011","targetHints":{"allow":["GET"]}}],"collection":[{"href":"https:\/\/ehzerwold.nl\/de\/wp-json\/wp\/v2\/arrangement"}],"about":[{"href":"https:\/\/ehzerwold.nl\/de\/wp-json\/wp\/v2\/types\/arrangement"}],"version-history":[{"count":5,"href":"https:\/\/ehzerwold.nl\/de\/wp-json\/wp\/v2\/arrangement\/9011\/revisions"}],"predecessor-version":[{"id":9097,"href":"https:\/\/ehzerwold.nl\/de\/wp-json\/wp\/v2\/arrangement\/9011\/revisions\/9097"}],"wp:featuredmedia":[{"embeddable":true,"href":"https:\/\/ehzerwold.nl\/de\/wp-json\/wp\/v2\/media\/9021"}],"wp:attachment":[{"href":"https:\/\/ehzerwold.nl\/de\/wp-json\/wp\/v2\/media?parent=9011"}],"wp:term":[{"taxonomy":"category","embeddable":true,"href":"https:\/\/ehzerwold.nl\/de\/wp-json\/wp\/v2\/categories?post=9011"}],"curies":[{"name":"wp","href":"https:\/\/api.w.org\/{rel}","templated":true}]}}